{"id":4615,"date":"2018-12-12T16:09:16","date_gmt":"2018-12-12T16:09:16","guid":{"rendered":"http:\/\/www.grupobilbu.es\/?page_id=4615"},"modified":"2021-01-18T15:59:41","modified_gmt":"2021-01-18T15:59:41","slug":"exposicion-la-rioja","status":"publish","type":"page","link":"https:\/\/www.grupobilbu.es\/grupo-bilbu\/exposicion-la-rioja\/","title":{"rendered":"Exposici\u00f3n La Rioja"},"content":{"rendered":"<p>[vc_row][vc_column][vc_empty_space][\/vc_column][\/vc_row][vc_row full_width=\u00bbstretch_row_content_no_spaces\u00bb][vc_column][vc_row_inner][vc_column_inner width=\u00bb1\/3&#8243;][vc_single_image image=\u00bb5445&#8243; img_size=\u00bbfull\u00bb css_animation=\u00bbfadeInLeft\u00bb][\/vc_column_inner][vc_column_inner width=\u00bb1\/3&#8243; css=\u00bb.vc_custom_1544634340559{padding-right: 15px !important;padding-left: 15px !important;}\u00bb][vc_column_text css_animation=\u00bbfadeIn\u00bb]<\/p>\n<h4>EXPOSICI\u00d3N LA RIOJA &#8211; LOGRO\u00d1O<\/h4>\n<p><b>LOGRO\u00d1O<\/b><br \/>\nAvda. Zaragoza 7.<br \/>\n<b>Tel.: 941 511 728<\/b><\/p>\n<p><b>Horario<\/b><br \/>\nDe lunes a viernes: de 09:30 a 13:30 y de 16:00 a 20:00<br \/>\nS\u00e1bados de 09:30 a 13:30<br \/>\nAlmac\u00e9n de lunes a viernes: de 08:00 a 13:00 y de 15:00 a 18:00<br \/>\nOficinas: De lunes a viernes de 08:30 a 15:30[\/vc_column_text][\/vc_column_inner][vc_column_inner width=\u00bb1\/3&#8243;][vc_column_text css_animation=\u00bbfadeInRight\u00bb]<iframe loading=\"lazy\" style=\"border: 0;\" src=\"https:\/\/www.google.com\/maps\/embed?pb=!1m14!1m8!1m3!1d2943.4562049115552!2d-2.4190091!3d42.460585099999996!3m2!1i1024!2i768!4f13.1!3m3!1m2!1s0xd5aab9dee9540e9%3A0x958fe841f8daf2e2!2sAv+Zaragoza!5e0!3m2!1ses!2ses!4v1400054814083\" width=\"100%\" height=\"230\" frameborder=\"0\"><\/iframe><br \/>\n[\/vc_column_text][\/vc_column_inner][\/vc_row_inner][\/vc_column][\/vc_row]<\/p>\n<!-- AddThis Advanced Settings generic via filter on the_content --><!-- AddThis Share Buttons generic via filter on the_content -->","protected":false},"excerpt":{"rendered":"<p>[vc_row][vc_column][vc_empty_space][\/vc_column][\/vc_row][vc_row full_width=\u00bbstretch_row_content_no_spaces\u00bb][vc_column][vc_row_inner][vc_column_inner width=\u00bb1\/3&#8243;][vc_single_image image=\u00bb5445&#8243; img_size=\u00bbfull\u00bb css_animation=\u00bbfadeInLeft\u00bb][\/vc_column_inner][vc_column_inner width=\u00bb1\/3&#8243; css=\u00bb.vc_custom_1544634340559{padding-right: 15px !important;padding-left: 15px !important;}\u00bb][vc_column_text css_animation=\u00bbfadeIn\u00bb] EXPOSICI\u00d3N LA RIOJA &#8211; LOGRO\u00d1O LOGRO\u00d1O Avda&#8230;.<!-- AddThis Advanced Settings generic via filter on get_the_excerpt --><!-- AddThis Share Buttons generic via filter on get_the_excerpt --><\/p>\n","protected":false},"author":1,"featured_media":0,"parent":0,"menu_order":0,"comment_status":"closed","ping_status":"closed","template":"","meta":{"ngg_post_thumbnail":0},"_links":{"self":[{"href":"https:\/\/www.grupobilbu.es\/grupo-bilbu\/wp-json\/wp\/v2\/pages\/4615"}],"collection":[{"href":"https:\/\/www.grupobilbu.es\/grupo-bilbu\/wp-json\/wp\/v2\/pages"}],"about":[{"href":"https:\/\/www.grupobilbu.es\/grupo-bilbu\/wp-json\/wp\/v2\/types\/page"}],"author":[{"embeddable":true,"href":"https:\/\/www.grupobilbu.es\/grupo-bilbu\/wp-json\/wp\/v2\/users\/1"}],"replies":[{"embeddable":true,"href":"https:\/\/www.grupobilbu.es\/grupo-bilbu\/wp-json\/wp\/v2\/comments?post=4615"}],"version-history":[{"count":8,"href":"https:\/\/www.grupobilbu.es\/grupo-bilbu\/wp-json\/wp\/v2\/pages\/4615\/revisions"}],"predecessor-version":[{"id":6418,"href":"https:\/\/www.grupobilbu.es\/grupo-bilbu\/wp-json\/wp\/v2\/pages\/4615\/revisions\/6418"}],"wp:attachment":[{"href":"https:\/\/www.grupobilbu.es\/grupo-bilbu\/wp-json\/wp\/v2\/media?parent=4615"}],"curies":[{"name":"wp","href":"https:\/\/api.w.org\/{rel}","templated":true}]}}